{"id":468,"date":"2022-06-07T20:23:21","date_gmt":"2022-06-07T18:23:21","guid":{"rendered":"https:\/\/deshommesetdesfemmes.com\/?page_id=468"},"modified":"2024-06-20T17:24:42","modified_gmt":"2024-06-20T15:24:42","slug":"livres-couples","status":"publish","type":"page","link":"https:\/\/deshommesetdesfemmes.com\/index.php\/livres-couples\/","title":{"rendered":"Livres couples"},"content":{"rendered":"\n\n\t\t\t<a href=\"https:\/\/deshommesetdesfemmes.com\/\" target=\"_self\" rel=\"noopener\">\n\t\t\t\t\t\t\t<\/a>\n\t<p>LIVRES &amp; SITES DE R\u00c9F\u00c9RENCE<\/p>\n\t\t\t <h1><a href=\"#livres\">Livres<\/a><\/h1><p>\u00a0<\/p>\t\t\n\t\t\t <h1><a href=\"#websites\">Sites<\/a><\/h1>\t\t\n\t\t\t <h1><a href=\"#pod\">Podcasts &amp; vid\u00e9os<\/a><\/h1>\t\t\n\t<h1 id=\"ouvrages-de-reference\"><a id=\"livres\"><\/a>OUVRAGES DE R\u00c9F\u00c9RENCE<\/h1>\n\t<p>TH\u00c8MES<\/p>\n<ol>\n<li><a href=\"#discernement\">DISCERNEMENT \/ FIANCAILLES<\/a><\/li>\n<li><a href=\"#conjuguale\">VIE CONJUGUALE<\/a><\/li>\n<li><a href=\"#foi\">GRANDIR DANS LA FOI EN COUPLE<\/a><\/li>\n<li><a href=\"#sexualite\">SEXUALIT\u00c9 ET F\u00c9CONDIT\u00c9<\/a><\/li>\n<\/ol>\n\t<p><a id=\"discernement\"><\/a>DISCERNEMENT \/ FIANCAILLES<\/p>\n\t\t\t\t<a href=\"https:\/\/www.livresenfamille.fr\/mariage-l-homme-la-femme\/9353-cedric-burgun-et-si-on-se-mariait--comment-savoir-si-on-est-pret.html\" target=\"_self\" itemprop=\"url\" rel=\"noopener\">\n\t\t\t\t<img loading=\"lazy\" decoding=\"async\" src=\"https:\/\/deshommesetdesfemmes.com\/wp-content\/uploads\/2022\/06\/et-si-on-se-mariait-.jpeg\" alt=\"et-si-on-se-mariait-\" itemprop=\"image\" height=\"383\" width=\"383\" title=\"et-si-on-se-mariait-\" onerror=\"this.style.display='none'\"  \/>\n\t\t\t\t<\/a>\n\t<p>Cette r\u00e9flexion, \u00e0 mener individuellement et en couple, invite chacun \u00e0 s&rsquo;interroger sur ses attentes profondes, ses motivations inconscientes, l&rsquo;histoire de sa relation, ses forces personnelles, mais \u00e9galement sur ce \u00e0 quoi ils devront renoncer. Nous vous recommandons cette belle r\u00e9flexion sur le sens profond du mariage afin de pouvoir r\u00e9pondre avec assurance \u00e0 la question : \u00ab\u00a0suis-je pr\u00eat \u00e0 me marier ?\u00a0\u00bb<\/p>\n\t\t\t\t<a href=\"https:\/\/www.mameeditions.com\/9782728931552-puisque-vous-avez-decide-de-vous-aimer-conseils-pour-les-premieres-annees-de-mariage.html\" target=\"_self\" itemprop=\"url\" rel=\"noopener\">\n\t\t\t\t<img loading=\"lazy\" decoding=\"async\" src=\"https:\/\/deshommesetdesfemmes.com\/wp-content\/uploads\/2024\/05\/pot.jpeg\" alt=\"pot\" itemprop=\"image\" height=\"934\" width=\"700\" title=\"pot\" onerror=\"this.style.display='none'\"  \/>\n\t\t\t\t<\/a>\n\t<p>Le p\u00e8re Fran\u00e7ois Potez a consacr\u00e9 une grande partie de son long sacerdoce \u00e0 accompagner les fianc\u00e9s et les jeunes mari\u00e9s. Pour la premi\u00e8re fois, il propose dans cet ouvrage le fruit de cette longue exp\u00e9rience. Avec simplicit\u00e9, lucidit\u00e9 et bienveillance, c&rsquo;est tout un tr\u00e9sor de sagesse qu&rsquo;il nous y d\u00e9livre. Ces pages lumineuses seront une aide pr\u00e9cieuse pour tous les jeunes couples ou pour les fianc\u00e9s, mais elles sauront toucher aussi ceux qui sont engag\u00e9s depuis de nombreuses ann\u00e9es dans l&rsquo;aventure du mariage, tant elles d\u00e9bordent de bons conseils et d&rsquo;esp\u00e9rance.<\/p>\n\t<p><a id=\"conjuguale\"><\/a>VIE CONJUGUALE<\/p>\n\t\t\t\t<a href=\"https:\/\/www.editionsducerf.fr\/librairie\/livre\/17665\/rama.fr\" target=\"_self\" itemprop=\"url\" rel=\"noopener\">\n\t\t\t\t<img loading=\"lazy\" decoding=\"async\" src=\"https:\/\/deshommesetdesfemmes.com\/wp-content\/uploads\/2022\/06\/amoris.jpeg\" alt=\"amoris\" itemprop=\"image\" height=\"283\" width=\"178\" title=\"amoris\" onerror=\"this.style.display='none'\"  \/>\n\t\t\t\t<\/a>\n\t<p>\u00ab\u00a0La joie de l&rsquo;amour qui est v\u00e9cue dans les familles est aussi la joie de l&rsquo;\u00c9glise\u00a0\u00bb. Tout est dans le titre\u00a0: retrouvez la joie de l&rsquo;amour en lisant cette exhortation apostolique du Pape Fran\u00e7ois, un incontournable de la famille!<\/p>\n\t\t\t\t<a href=\"https:\/\/boutique.magnificat.net\/l-amour-dans-le-mariage.html\" target=\"_self\" itemprop=\"url\" rel=\"noopener\">\n\t\t\t\t<img loading=\"lazy\" decoding=\"async\" src=\"https:\/\/deshommesetdesfemmes.com\/wp-content\/uploads\/2022\/06\/amour_mariage_couv_ok_2.png\" alt=\"amour_mariage_couv_ok_2\" itemprop=\"image\" height=\"700\" width=\"466\" title=\"amour_mariage_couv_ok_2\" onerror=\"this.style.display='none'\"  \/>\n\t\t\t\t<\/a>\n\t<p>Ce hors-s\u00e9rie Magnificat vous accompagne dans la lecture de l&rsquo;encyclique Amoris Laetitia et l&rsquo;approfondissement du chapitre 4, sp\u00e9cifiquement consacr\u00e9 au couple et \u00e0 l&rsquo;amour conjugal.\u00a0 La pr\u00e9sentation du texte est accompagn\u00e9e de questions pour m\u00e9diter, partager en couple, ou \u00e9changer en paroisse.<\/p>\n\t\t\t\t<a href=\"https:\/\/www.editionsartege.fr\/product\/129152\/itineraires-catechumenaux-pour-la-vie-conjugale\/\" target=\"_self\" itemprop=\"url\" rel=\"noopener\">\n\t\t\t\t<img loading=\"lazy\" decoding=\"async\" src=\"https:\/\/deshommesetdesfemmes.com\/wp-content\/uploads\/2023\/05\/itineraires.jpeg\" alt=\"itineraires\" itemprop=\"image\" height=\"600\" width=\"389\" title=\"itineraires\" onerror=\"this.style.display='none'\"  \/>\n\t\t\t\t<\/a>\n\t<p>Du Dicast\u00e8re pour les la\u00efcs, la famille et la vie et pr\u00e9fac\u00e9 par le Pape Fran\u00e7ois, ce document r\u00e9cent est propos\u00e9 aux dioc\u00e8ses du monde entier. \u00ab\u00a0<em>l&rsquo;Ann\u00e9e \u00ab Famille Amoris l\u00e6titia \u00bb vise \u00e0 remettre la famille au centre, \u00e0 inviter \u00e0 la r\u00e9flexion sur les th\u00e8mes de l&rsquo;exhortation apostolique et \u00e0 entra\u00eener toute l&rsquo;\u00c9glise dans l&rsquo;engagement joyeux de l&rsquo;\u00e9vang\u00e9lisation pour les familles et avec les familles.<\/em> <em>L&rsquo;un des fruits de cette ann\u00e9e sp\u00e9ciale sont les Itin\u00e9raires cat\u00e9chum\u00e9naux pour la vie conjugale, que j&rsquo;ai maintenant le plaisir de confier aux pasteurs, aux \u00e9poux et \u00e0 tous ceux qui travaillent dans la pastorale familiale. Il s&rsquo;agit d&rsquo;un outil pastoral \u00e9labor\u00e9 par le dicast\u00e8re pour les La\u00efcs, la Famille et la Vie, suite \u00e0 une indication que j&rsquo;ai exprim\u00e9e \u00e0 plusieurs reprises, \u00e0 savoir \u00ab la n\u00e9cessit\u00e9 d&rsquo;un \u00ab\u00a0nouveau cat\u00e9chum\u00e9nat\u00a0\u00bb pour la pr\u00e9paration au mariage<\/em> \u00bb. Pape Fran\u00e7ois<\/p>\n\t\t\t\t<a href=\"https:\/\/www.editionsfarel.com\/livres\/9782863141922-les-langages-de-l-amour-les-actes-qui-disent-je-t-aime\" target=\"_self\" itemprop=\"url\" rel=\"noopener\">\n\t\t\t\t<img loading=\"lazy\" decoding=\"async\" src=\"https:\/\/deshommesetdesfemmes.com\/wp-content\/uploads\/2022\/06\/Couv-Les-langages-de-l-amour-Gary-Chapman-195x300-1.jpeg\" alt=\"Couv-Les-langages-de-l-amour-Gary-Chapman-195x300\" itemprop=\"image\" height=\"300\" width=\"195\" title=\"Couv-Les-langages-de-l-amour-Gary-Chapman-195x300\" onerror=\"this.style.display='none'\"  \/>\n\t\t\t\t<\/a>\n\t<p>Gary Chapman identifie cinq \u00ab\u00a0langages\u00a0\u00bb par lesquels chaque individu peut manifester son amour. Un livre qui parle \u00e0 tous, ce qui explique son succ\u00e8s ph\u00e9nom\u00e9nal\u00a0!<\/p>\n\t\t\t\t<a href=\"https:\/\/www.laprocure.com\/product\/72386\/besida-jean-claude-l-amour-sauve-mystere-du-mariage\" target=\"_self\" itemprop=\"url\" rel=\"noopener\">\n\t\t\t\t<img loading=\"lazy\" decoding=\"async\" src=\"https:\/\/deshommesetdesfemmes.com\/wp-content\/uploads\/2023\/04\/72386.webp\" alt=\"72386\" itemprop=\"image\" height=\"494\" width=\"300\" title=\"72386\" onerror=\"this.style.display='none'\"  \/>\n\t\t\t\t<\/a>\n\t<p>Un \u00e9clairage sur la vision chr\u00e9tienne et spirituelle du mariage. A travers la relecture de textes de l&rsquo;Ecriture et de la tradition, les auteurs rendent compte de la pr\u00e9sence de Dieu dans l&rsquo;amour conjugal et reviennent sur la valeur traditionnelle de l&rsquo;union matrimoniale. Les auteurs livrent leur exp\u00e9rience avec infiniment de pudeur et de po\u00e9sie, avec la vigueur existentielle que l&rsquo;on r\u00e9clame aujourd&rsquo;hui, et le parfum d&rsquo;une qu\u00eate passionn\u00e9e. La lecture est rafra\u00eechissante &#8211; elle oxyg\u00e8ne l&rsquo;esprit en profondeur.<\/p>\n\t\t\t\t<a href=\"https:\/\/www.mameeditions.com\/9782728925643-reussir-notre-couple-ne-group.html\" target=\"_self\" itemprop=\"url\" rel=\"noopener\">\n\t\t\t\t<img loading=\"lazy\" decoding=\"async\" src=\"https:\/\/deshommesetdesfemmes.com\/wp-content\/uploads\/2022\/06\/Couverture-Reussir-notre-couple-Denis-Sonet-206x300-1.jpeg\" alt=\"Couverture-Reussir-notre-couple-Denis-Sonet-206x300\" itemprop=\"image\" height=\"300\" width=\"206\" title=\"Couverture-Reussir-notre-couple-Denis-Sonet-206x300\" onerror=\"this.style.display='none'\"  \/>\n\t\t\t\t<\/a>\n\t<p>Sur un ton d\u00e9finitivement humoristique, le P\u00e8re Denis Sonet appelle les couples \u00e0 d\u00e9passer les diff\u00e9rences homme\/femme et aborde sans fausse pudeur les r\u00e9alit\u00e9s du corps et de la vie sexuelle. A lire pour construire votre couple sur des bases solides.<\/p>\n\t\t\t\t<a href=\"https:\/\/www.librairietequi.com\/A-70806-le-discernement-dans-la-vie-conjugale.aspx\" target=\"_self\" itemprop=\"url\" rel=\"noopener\">\n\t\t\t\t<img loading=\"lazy\" decoding=\"async\" src=\"https:\/\/deshommesetdesfemmes.com\/wp-content\/uploads\/2024\/05\/Unknown-3.jpeg\" alt=\"Unknown\" itemprop=\"image\" height=\"272\" width=\"185\" title=\"Unknown\" onerror=\"this.style.display='none'\"  \/>\n\t\t\t\t<\/a>\n\tPour beaucoup, la parution de l&rsquo;exhortation apostolique <a href=\"https:\/\/www.librairietequi.com\/A-60697-la-joie-de-l-amour-sur-l-amour-dans-la-famille.aspx\"><em>Amoris l\u00e6titia<\/em><\/a> du pape Fran\u00e7ois a marqu\u00e9 un v\u00e9ritable \u00ab changement de paradigme \u00bb de la morale conjugale, et la naissance d&rsquo;un nouveau mod\u00e8le pastoral fond\u00e9 sur le discernement des situations au \u00ab cas par cas \u00bb. Les revendications pour une \u00c9glise inclusive, int\u00e9grant toutes les diff\u00e9rences et toutes les orientations sexuelles, se font aujourd&rsquo;hui insistantes.<br \/>\nD\u00e9sireux d&rsquo;offrir aux couples et aux accompagnateurs des rep\u00e8res clairs, l&rsquo;auteur resitue et analyse les visions morales \u00e9mergentes en regard de la Tradition catholique. En d\u00e9passant les oppositions entre la loi et la conscience, il r\u00e9habilite la vertu de prudence comme le fondement d&rsquo;une pastorale ancr\u00e9e dans le patrimoine bimill\u00e9naire de l&rsquo;\u00c9glise et capable de rejoindre les couples d&rsquo;aujourd&rsquo;hui. Sans \u00e9quivalent en langue fran\u00e7aise, ce livre offre une vision renouvel\u00e9e de la morale. Il est la contribution aux d\u00e9bats contemporains de celui que le pape Beno\u00eet XVI consid\u00e9rait comme \u00ab l&rsquo;un des grands de la th\u00e9ologie morale de ce si\u00e8cle \u00bb.\n\t\t\t\t<a href=\"https:\/\/www.cultura.com\/p-oser-dire-le-mariage-indissoluble-9782204067553.html\" target=\"_self\" itemprop=\"url\" rel=\"noopener\">\n\t\t\t\t<img loading=\"lazy\" decoding=\"async\" src=\"https:\/\/deshommesetdesfemmes.com\/wp-content\/uploads\/2024\/05\/51tQDYSqL6L._SY466_.jpeg\" alt=\"51tQDYSqL6L._SY466_\" itemprop=\"image\" height=\"466\" width=\"290\" title=\"51tQDYSqL6L._SY466_\" onerror=\"this.style.display='none'\"  \/>\n\t\t\t\t<\/a>\n\tCertains traits de l&rsquo;apport chr\u00e9tien \u00e0 l&rsquo;\u00e9thique conjugale, telles l&rsquo;importance accord\u00e9e \u00e0 la libert\u00e9 de l&rsquo;engagement ou la primaut\u00e9 reconnue \u00e0 l&rsquo;amour, sont en accord avec les \u00e9vidences contemporaines, l&rsquo;indissolubilit\u00e9 du mariage est au contraire un des points de contradiction majeurs entre le christianisme et les cat\u00e9gories les plus obvies de notre culture.<br \/>\nAssur\u00e9ment, notre culture est plus une culture de l&rsquo;analyse, de la d\u00e9liaison, de la dissolution qu&rsquo;une culture du lien et de l&rsquo;indissolubilit\u00e9 ! En d&rsquo;autres termes, est-il bien raisonnable de publier un ouvrage sur l&rsquo;indissolubilit\u00e9 en un temps et dans un pays o\u00f9 38 % des mariages conduisent \u00e0 un divorce ? \u00a0Dans l&rsquo;affirmative, la voie est alors celle d&rsquo;une compr\u00e9hension de l&rsquo;indissolubilit\u00e9 qui ne repose pas seulement sur la primaut\u00e9 de l&rsquo;institution ou sur une sacralisation des liens, mais qui d\u00e9couvre ou red\u00e9couvre, \u00e0 travers le subjectif, ce qui est au-del\u00e0 du subjectif.\n\t\t\t\t<a href=\"https:\/\/www.laprocure.com\/product\/72958\/heilly-alphonse-d-aimer-en-actes-et-en-verite\" target=\"_self\" itemprop=\"url\" rel=\"noopener\">\n\t\t\t\t<img loading=\"lazy\" decoding=\"async\" src=\"https:\/\/deshommesetdesfemmes.com\/wp-content\/uploads\/2022\/06\/Couv-Aimer-en-Actes-et-en-Verite-Alphonse-d-Heilly-200x300-1.jpeg\" alt=\"Couv-Aimer-en-Actes-et-en-Verite-Alphonse-d-Heilly-200x300\" itemprop=\"image\" height=\"300\" width=\"200\" title=\"Couv-Aimer-en-Actes-et-en-Verite-Alphonse-d-Heilly-200x300\" onerror=\"this.style.display='none'\"  \/>\n\t\t\t\t<\/a>\n\t<p>Le P\u00e8re d&rsquo;Heilly s.j. (membre fondateur du C.P.M. et du C.L.E.R.) s&rsquo;adresse en cinq conf\u00e9rences \u00e0 des pr\u00eatres et des s\u00e9minaristes pour leur apprendre \u00e0 accompagner les couples au plus concret de leur vie quotidienne. Dans un style puissant et direct, vous y trouverez des points de rep\u00e8res pour construire votre \u00ab\u00a0communaut\u00e9 conjugale\u00a0\u00bb.<\/p>\n\t\t\t\t<a href=\"https:\/\/www.editions-lecenturion.fr\/fr\/produits\/produit\/271\/grammaire-de-la-vie\" target=\"_self\" itemprop=\"url\" rel=\"noopener\">\n\t\t\t\t<img loading=\"lazy\" decoding=\"async\" src=\"https:\/\/deshommesetdesfemmes.com\/wp-content\/uploads\/2023\/03\/capture_decran_2022-10-10_a_14.30.13-1.png\" alt=\"capture_decran_2022-10-10_a_14.30.13\" itemprop=\"image\" height=\"435\" width=\"337\" title=\"capture_decran_2022-10-10_a_14.30.13\" onerror=\"this.style.display='none'\"  \/>\n\t\t\t\t<\/a>\n\t<p>Ce livre met concr\u00e8tement \u00e0 la port\u00e9e de tous, et en particulier des jeunes couples, les cl\u00e9s essentielles pour int\u00e9grer Laudato Si dans leur vie.\u00a0Plongez vous d\u00e8s la pr\u00e9face du Cardinal Sarah dans ce petit guide d&rsquo;\u00e9cologie humaine\u00a0!<\/p>\n\t\t\t\t<a href=\"https:\/\/www.livresenfamille.fr\/mariage-l-homme-la-femme\/19623-cardinal-robert-sarah-couples-reveillez-votre-amour-.html\" target=\"_self\" itemprop=\"url\" rel=\"noopener\">\n\t\t\t\t<img loading=\"lazy\" decoding=\"async\" src=\"https:\/\/deshommesetdesfemmes.com\/wp-content\/uploads\/2022\/06\/couples-reveillez-votre-amour-.jpeg\" alt=\"couples-reveillez-votre-amour-\" itemprop=\"image\" height=\"529\" width=\"322\" title=\"couples-reveillez-votre-amour-\" onerror=\"this.style.display='none'\"  \/>\n\t\t\t\t<\/a>\n\t<p>Ce livre est pour tous les couples : ceux qui peinent, ceux qui veulent red\u00e9couvrir que leur amour est une histoire sacr\u00e9e&#8230; En nous invitant \u00e0 mettre le Christ au centre de notre vie, le Cardinal vient rappeler que nous sommes tous appel\u00e9s \u00e0 la joie, il n&rsquo;y a pas d&rsquo;exception. Ses mots rejoignent le coeur et renforcent la confiance.<\/p>\n\t\t\t\t<a href=\"https:\/\/www.editionsartege.fr\/product\/77904\/aimer-en-vrit\/\" target=\"_self\" itemprop=\"url\" rel=\"noopener\">\n\t\t\t\t<img loading=\"lazy\" decoding=\"async\" src=\"https:\/\/deshommesetdesfemmes.com\/wp-content\/uploads\/2023\/03\/FIC124623.jpeg\" alt=\"FIC124623\" itemprop=\"image\" height=\"600\" width=\"413\" title=\"FIC124623\" onerror=\"this.style.display='none'\"  \/>\n\t\t\t\t<\/a>\n\t<p>Fort de ses rencontres et accompagnements, l&rsquo;abb\u00e9 Grosjean transmet aux jeunes de 15 \u00e0 22 ans des convictions qui font grandir et encouragent, pour se pr\u00e9parer \u00e0 aimer.\u00a0Un ouvrage indispensable \u00e9galement pour tous ceux qui veulent donner \u00e0 leurs ados et leurs a\u00een\u00e9s une vision juste et constructive de l&rsquo;amour.<\/p>\n\t\t\t\t<a href=\"https:\/\/www.laprocure.com\/product\/72962\/geoffroy-marie-le-couple-durable-oser-les-fiancailles-construire-son-couple-aujourd-hui\" target=\"_self\" itemprop=\"url\" rel=\"noopener\">\n\t\t\t\t<img loading=\"lazy\" decoding=\"async\" src=\"https:\/\/deshommesetdesfemmes.com\/wp-content\/uploads\/2022\/06\/le-couple-durable.jpeg\" alt=\"le couple durable\" itemprop=\"image\" height=\"581\" width=\"400\" title=\"le couple durable\" onerror=\"this.style.display='none'\"  \/>\n\t\t\t\t<\/a>\n\t<p>A travers deux visions diff\u00e9rentes, un parcours en huit \u00e9tapes conduit de la n\u00e9cessit\u00e9 des fian\u00e7ailles, d&rsquo;un point de vue chr\u00e9tien, jusqu&rsquo;\u00e0 la vie intime du couple mari\u00e9.\u00a0A mettre entre les mains de tous ceux qui veulent \u00eatre accompagn\u00e9s dans la construction de leur vie affective.<\/p>\n\t\t\t\t<a href=\"https:\/\/livre.fnac.com\/a12076513\/Florentine-D-Aulnois-Wang-Les-cles-de-l-intelligence-amoureuse\" target=\"_self\" itemprop=\"url\" rel=\"noopener\">\n\t\t\t\t<img loading=\"lazy\" decoding=\"async\" src=\"https:\/\/deshommesetdesfemmes.com\/wp-content\/uploads\/2022\/06\/Les-cles-de-l-intelligence-amoureuse.jpeg\" alt=\"Les-cles-de-l-intelligence-amoureuse\" itemprop=\"image\" height=\"340\" width=\"340\" title=\"Les-cles-de-l-intelligence-amoureuse\" onerror=\"this.style.display='none'\"  \/>\n\t\t\t\t<\/a>\n\t<p>Reproches, agacements quotidiens, tensions&#8230; L&rsquo;auteur a aid\u00e9 des centaines de couples depuis plus de 15 ans en consultations, stages, ateliers et conf\u00e9rences. Laissez-vous guider \u00e0 votre tour par ses conseils et exercices pour d\u00e9velopper votre Intelligence Amoureuse et passer de la crise \u00e0 la reconnexion.<\/p>\n\t\t\t\t<a href=\"http:\/\/www.editions-homme.com\/cessez-etre-gentil-soyez-vrai-\/thomas-ansembourg\/livre\/9782761936316\" target=\"_self\" itemprop=\"url\" rel=\"noopener\">\n\t\t\t\t<img loading=\"lazy\" decoding=\"async\" src=\"https:\/\/deshommesetdesfemmes.com\/wp-content\/uploads\/2022\/06\/cessez-d-etre-gentil.jpeg\" alt=\"cessez d etre gentil\" itemprop=\"image\" height=\"346\" width=\"230\" title=\"cessez d etre gentil\" onerror=\"this.style.display='none'\"  \/>\n\t\t\t\t<\/a>\n\t<p>Thomas d&rsquo;Ansembourg montre avec clart\u00e9 comment la tendance \u00e0 s&rsquo;ignorer ou \u00e0 m\u00e9conna\u00eetre ses propres besoins conduit \u00e0 se faire violence et \u00e0 reporter sur d&rsquo;autres cette violence, transformant un ph\u00e9nom\u00e8ne individuel en un v\u00e9ritable enjeu de sant\u00e9 publique. Des milliers de lecteurs l&rsquo;affirment: ce livre, plein de bienveillance et d&rsquo;humanit\u00e9, est un outil majeur de\u00a0connaissance de soi qui permet de changer significativement la relation \u00e0 soi et aux autres.<\/p>\n\t\t\t\t<a href=\"https:\/\/www.editions-emmanuel.com\/catalogue\/parcours-misericorde-et-verite-un-chemin-pour-les-personnes-divorcees-remariees\/\" target=\"_self\" itemprop=\"url\" rel=\"noopener\">\n\t\t\t\t<img loading=\"lazy\" decoding=\"async\" src=\"https:\/\/deshommesetdesfemmes.com\/wp-content\/uploads\/2023\/03\/book_284-1.jpeg\" alt=\"book_284-1\" itemprop=\"image\" height=\"200\" width=\"124\" title=\"book_284-1\" onerror=\"this.style.display='none'\"  \/>\n\t\t\t\t<\/a>\n\t<p>Cet ouvrage nous livre un parcours p\u00e9dagogique\u00a0dont les \u00e9l\u00e9ments ont d\u00e9j\u00e0 servi \u00e0 l&rsquo;accompagnement de nombreuses personnes et sont partag\u00e9s par de nombreuses autres associations (Communaut\u00e9 de l&rsquo;Emmanuel, Chemin neuf, Ouvriers de la onzi\u00e8me heure \u00e0 Dijon&#8230;). Un v\u00e9ritable guide pratique d\u00e9di\u00e9 aux fid\u00e8les divorc\u00e9s remari\u00e9s, leurs proches, les diacres, religieux, pr\u00eatres qui les accompagnent, et tous ceux qui cheminent avec eux.<\/p>\n\t\t\t\t<a href=\"https:\/\/www.editionsartege.fr\/product\/127028\/l-amour-durable\/\" target=\"_self\" itemprop=\"url\" rel=\"noopener\">\n\t\t\t\t<img loading=\"lazy\" decoding=\"async\" src=\"https:\/\/deshommesetdesfemmes.com\/wp-content\/uploads\/2024\/05\/FIC212832.jpeg\" alt=\"FIC212832\" itemprop=\"image\" height=\"600\" width=\"376\" title=\"FIC212832\" onerror=\"this.style.display='none'\"  \/>\n\t\t\t\t<\/a>\n\tNon, \u00ab l&rsquo;amour ne dure pas trois ans \u00bb comme l&rsquo;a clam\u00e9 si effront\u00e9ment Fr\u00e9d\u00e9ric Beigbeder. Non, l&rsquo;\u00e9poque ne se r\u00e9duit pas \u00e0 l&rsquo;imp\u00e9ratif d&rsquo;\u00e9panouissement individuel, d&rsquo;amour sans engagement !\nL&rsquo;auteur en est convaincu : en chacun de nous demeure l&rsquo;aspiration \u00e0 l&rsquo;amour durable et vrai qui m\u00e8ne au bonheur et \u00e0 la joie profonde. Son approche psychologique est guid\u00e9e par cet objectif, malgr\u00e9 les vicissitudes de la vie de couple dont il conna\u00eet tous les m\u00e9andres\n\t\t\t\t<a href=\"https:\/\/www.laprocure.com\/product\/ean\/9782866793579\/lauriot-prevost-alex-l-evangile-pour-le-couple-vol-1-la-source-du-bonheur-itineraire-evangelique-pour-accueillir-vivre-et-annoncer-la-bonne-nouvelle-du-christ-au-coeur-de-l-amour-conjugal\" target=\"_self\" itemprop=\"url\" rel=\"noopener\">\n\t\t\t\t<img loading=\"lazy\" decoding=\"async\" src=\"https:\/\/deshommesetdesfemmes.com\/wp-content\/uploads\/2023\/03\/386961_1.webp\" alt=\"386961_1\" itemprop=\"image\" height=\"495\" width=\"300\" title=\"386961_1\" onerror=\"this.style.display='none'\"  \/>\n\t\t\t\t<\/a>\n\t<p>Tout couple, quelque soit son parcours et sa foi, aspire au bonheur. Incompr\u00e9hensions, d\u00e9ceptions, conflits, d\u00e9chirements, s\u00e9parations&#8230; Le bonheur conjugal est-il accessible au XXIe si\u00e8cle? Ce 1er tome d&rsquo;une trilogie sur le bonheur conjugal \u00e9crite par Alex et Maud Lauriot Prevost, nous interpelle par cette saisissante Bonne Nouvelle pour tous les couples. Ouvrage accessible, enthousiaste, p\u00e9dagogique et nourrissant. Quel renouvellement de la spiritualit\u00e9 conjugale! \u00c7a rafra\u00eechit, mieux, \u00e7a d\u00e9salt\u00e8re\u00a0\u00bb, \u00ab\u00a0on se fait bousculer par le Seigneur.<\/p>\n\t\t\t\t<a href=\"https:\/\/institutdetheologieducorps.org\/livre\/lamour-selon-jean-paul-ii-les-plus-belles-pages-de-la-theologie-du-corps\/\" target=\"_self\" itemprop=\"url\" rel=\"noopener\">\n\t\t\t\t<img loading=\"lazy\" decoding=\"async\" src=\"https:\/\/deshommesetdesfemmes.com\/wp-content\/uploads\/2024\/06\/Amour-selon-jp_2.jpeg\" alt=\"Amour-selon-jp_2\" itemprop=\"image\" height=\"525\" width=\"350\" title=\"Amour-selon-jp_2\" onerror=\"this.style.display='none'\"  \/>\n\t\t\t\t<\/a>\n\t<p><a id=\"foi\"><\/a>GRANDIR DANS LA FOI EN COUPLE<\/p>\n\t\t\t\t<a href=\"https:\/\/www.editions-emmanuel.com\/catalogue\/sacres-couples\/\" target=\"_self\" itemprop=\"url\" rel=\"noopener\">\n\t\t\t\t<img loading=\"lazy\" decoding=\"async\" src=\"https:\/\/deshommesetdesfemmes.com\/wp-content\/uploads\/2022\/06\/sacre-couple.png\" alt=\"sacr\u00e9 couple\" itemprop=\"image\" height=\"260\" width=\"194\" title=\"sacr\u00e9 couple\" onerror=\"this.style.display='none'\"  \/>\n\t\t\t\t<\/a>\n\t<p>Vivre notre amour conjugal jusqu&rsquo;\u00e0 la saintet\u00e9, voil\u00e0 ce \u00e0 quoi nous appelle ce livre. Il constitue un recueil inspirant de couples saints pour nous guider \u00e0 notre tour vers la saintet\u00e9!<\/p>\n\t\t\t\t<a href=\"https:\/\/www.babelio.com\/livres\/Semen-La-spiritualite-conjugale-selon-Jean-Paul-II\/429771\" target=\"_self\" itemprop=\"url\" rel=\"noopener\">\n\t\t\t\t<img loading=\"lazy\" decoding=\"async\" src=\"https:\/\/deshommesetdesfemmes.com\/wp-content\/uploads\/2022\/06\/41kLIhJH-DL._SX195_.jpeg\" alt=\"41kLIhJH-DL._SX195_\" itemprop=\"image\" height=\"315\" width=\"195\" title=\"41kLIhJH-DL._SX195_\" onerror=\"this.style.display='none'\"  \/>\n\t\t\t\t<\/a>\n\t<p>Yves Semen brosse, dans ce premier essai de spiritualit\u00e9 conjugale, treize esquisses \u00e0 partir de th\u00e8mes essentiels puis\u00e9s dans la th\u00e9ologie du corps de Jean-Paul II. Solidement r\u00e9f\u00e9renc\u00e9 au plan th\u00e9ologique, ce livre est accessible \u00e0 tous et illustr\u00e9 d&rsquo;exemples puis\u00e9s dans la vie quotidienne des \u00e9poux.<\/p>\n\t<p><a id=\"sexualite\"><\/a>SEXUALIT\u00c9 ET F\u00c9CONDIT\u00c9<\/p>\n\t\t\t\t<a href=\"https:\/\/institutdetheologieducorps.org\/livre\/bonnes-nouvelles-sur-le-sexe-et-le-mariage\/\" target=\"_self\" itemprop=\"url\" rel=\"noopener\">\n\t\t\t\t<img loading=\"lazy\" decoding=\"async\" src=\"https:\/\/deshommesetdesfemmes.com\/wp-content\/uploads\/2022\/06\/Bonnes_nouvelles_sur_le_sexe_et_le_mariage.webp\" alt=\"Bonnes_nouvelles_sur_le_sexe_et_le_mariage\" itemprop=\"image\" height=\"511\" width=\"350\" title=\"Bonnes_nouvelles_sur_le_sexe_et_le_mariage\" onerror=\"this.style.display='none'\"  \/>\n\t\t\t\t<\/a>\n\t<p>Apr\u00e8s une pr\u00e9sentation de l&rsquo;essentiel de la th\u00e9ologie du corps, le c\u00e9l\u00e8bre conf\u00e9rencier am\u00e9ricain r\u00e9pond dans ce livre de mani\u00e8re p\u00e9dagogique et claire \u00e0 une centaine de questions tr\u00e8s concr\u00e8tes sur l&rsquo;enseignement de l&rsquo;Eglise en mati\u00e8re d&rsquo;\u00e9thique sexuelle. Vous y trouverez probablement des r\u00e9ponses aux questions que vous vous posez\u00a0!<\/p>\n\t\t\t\t<a href=\"https:\/\/institutdetheologieducorps.org\/livre\/la-sexualite-selon-jean-paul-ii\/\" target=\"_self\" itemprop=\"url\" rel=\"noopener\">\n\t\t\t\t<img loading=\"lazy\" decoding=\"async\" src=\"https:\/\/deshommesetdesfemmes.com\/wp-content\/uploads\/2022\/06\/sexualite_selon_jpii.jpg.webp\" alt=\"sexualite_selon_jpii.jpg\" itemprop=\"image\" height=\"547\" width=\"350\" title=\"sexualite_selon_jpii.jpg\" onerror=\"this.style.display='none'\"  \/>\n\t\t\t\t<\/a>\n\t<p>V\u00e9ritable \u00ab bombe \u00e0 retardement th\u00e9ologique \u00bb, selon George Weigel, l&rsquo;approche de la sexualit\u00e9 par Jean-Paul II va marquer un tournant dans l&rsquo;histoire de la pens\u00e9e moderne. Dans son best-seller accessible \u00e0 tous, Yves Semen facilite la d\u00e9couverte de la th\u00e9ologie du corps de Jean-Paul II, une pens\u00e9e riche et profond\u00e9ment lib\u00e9ratrice de la sexualit\u00e9. <\/p>\n\t\t\t\t<a href=\"https:\/\/institutdetheologieducorps.org\/livre\/la-theologie-du-corps\/\" target=\"_self\" itemprop=\"url\" rel=\"noopener\">\n\t\t\t\t<img loading=\"lazy\" decoding=\"async\" src=\"https:\/\/deshommesetdesfemmes.com\/wp-content\/uploads\/2024\/06\/COUV_La-theologie-du-corps.png\" alt=\"COUV_La-theologie-du-corps\" itemprop=\"image\" height=\"541\" width=\"350\" title=\"COUV_La-theologie-du-corps\" onerror=\"this.style.display='none'\"  \/>\n\t\t\t\t<\/a>\n\t<p>Les cat\u00e9ch\u00e8ses sur la th\u00e9ologie du corps prononc\u00e9es par Jean-Paul II entre 1979 et 1984 constituent le plus vaste enseignement pontifical sur un m\u00eame sujet de toute l&rsquo;histoire de l&rsquo;Eglise. Elles renouvellent totalement le discours de l&rsquo;Eglise sur la question du corps et de la sexualit\u00e9 dans une approche r\u00e9solument personnaliste.<\/p>\n<p>Elles sont pr\u00e9sent\u00e9es ici selon le plan du manuscrit original polonais de Jean-Paul II dans une traduction enti\u00e8rement r\u00e9vis\u00e9e par Yves Semen \u00e0 qui on doit \u00e9galement une ample introduction permettant d&rsquo;appr\u00e9cier l&rsquo;importance de cet enseignement novateur de l&rsquo;Eglise.<\/p>\n\t\t\t\t<a href=\"https:\/\/www.librairie-emmanuel.fr\/la-theologie-du-corps-pour-les-debutants-p-128417\" target=\"_self\" itemprop=\"url\" rel=\"noopener\">\n\t\t\t\t<img loading=\"lazy\" decoding=\"async\" src=\"https:\/\/deshommesetdesfemmes.com\/wp-content\/uploads\/2022\/06\/theo-coprs-debutants.jpeg\" alt=\"theo coprs d\u00e9butants\" itemprop=\"image\" height=\"1200\" width=\"1200\" title=\"theo coprs d\u00e9butants\" onerror=\"this.style.display='none'\"  \/>\n\t\t\t\t<\/a>\n\t<p>Le tr\u00e9sor des enseignements de Jean-Paul II reste encore m\u00e9connu de la grande majorit\u00e9 des chr\u00e9tiens.\u00a0L&rsquo;objectif de ce livre est de pr\u00e9senter la th\u00e9ologie du corps de mani\u00e8re simple et accessible \u00e0 tous.\u00a0Un bestseller de Christopher West \u00e0 mettre entre toutes les mains.<\/p>\n\t\t\t\t<a href=\"https:\/\/www.librairie-emmanuel.fr\/donnemoi-des-baisers-de-ta-bouche-p-134763\" target=\"_self\" itemprop=\"url\" rel=\"noopener\">\n\t\t\t\t<img loading=\"lazy\" decoding=\"async\" src=\"https:\/\/deshommesetdesfemmes.com\/wp-content\/uploads\/2022\/06\/donne-moi-des-baisers.jpeg\" alt=\"donne moi des baisers\" itemprop=\"image\" height=\"1200\" width=\"1200\" title=\"donne moi des baisers\" onerror=\"this.style.display='none'\"  \/>\n\t\t\t\t<\/a>\n\t<p>Ce parcours veut aider tous les couples \u00e0 faire de leur intimit\u00e9 sexuelle un sujet de conversation aussi naturel que leur travail, leurs enfants, leurs projets de vacances ou leurs hobbies. Le livre que tous les couples voudront avoir pour sortir du discours tout fait sur la sexualit\u00e9 et la vivre pleinement !<\/p>\n\t\t\t\t<a href=\"https:\/\/www.librairietequi.com\/A-55538-sur-le-mariage-et-la-regulation-des-naissances-humanae-vitae.aspx\" target=\"_self\" itemprop=\"url\" rel=\"noopener\">\n\t\t\t\t<img loading=\"lazy\" decoding=\"async\" src=\"https:\/\/deshommesetdesfemmes.com\/wp-content\/uploads\/2022\/06\/Humanae-vitae.jpeg\" alt=\"Humanae vitae\" itemprop=\"image\" height=\"600\" width=\"421\" title=\"Humanae vitae\" onerror=\"this.style.display='none'\"  \/>\n\t\t\t\t<\/a>\n\t<p>Publi\u00e9e en 1968, l&rsquo;encyclique du Pape Paul VI Sur le mariage et la r\u00e9gulation des naissances ne peut plus \u00eatre consid\u00e9r\u00e9e comme une dimension accessoire du mariage chr\u00e9tien. \u00c9clair\u00e9e par la th\u00e9ologie du corps elle se r\u00e9v\u00e8le dans toute sa dimension \u00ab proph\u00e9tique et toujours actuelle \u00bb comme n&rsquo;a pas h\u00e9sit\u00e9 \u00e0 l&rsquo;affirmer Beno\u00eet XVI.<\/p>\n\t\t\t\t<a href=\"https:\/\/www.laprocure.com\/product\/ean\/9782889181995\/jean-paul-2-amour-et-responsabilite-etude-de-morale-sexuelle\" target=\"_self\" itemprop=\"url\" rel=\"noopener\">\n\t\t\t\t<img loading=\"lazy\" decoding=\"async\" src=\"https:\/\/deshommesetdesfemmes.com\/wp-content\/uploads\/2023\/03\/wojtyla-amouretresponsabilite-9782889181995.jpeg\" alt=\"GrCheqDej-cahierE1-BatB\" itemprop=\"image\" height=\"925\" width=\"600\" title=\"GrCheqDej-cahierE1-BatB\" onerror=\"this.style.display='none'\"  \/>\n\t\t\t\t<\/a>\n\t<p>Alors qu&rsquo;il \u00e9tait encore cardinal, Karol Wojtyla s&rsquo;est interrog\u00e9 sur les cas de conscience que peut poser l&rsquo;amour humain. Vingt ans plus tard, et \u00e0 partir des \u00e9changes qu&rsquo;il a eus avec des fid\u00e8les de tous \u00e2ges, Jean-Paul II d\u00e9veloppe et pr\u00e9cise la doctrine de l&rsquo;Eglise \u00e0 ce sujet et la confrontation entre morale sexuelle et pratique.<\/p>\n\t\t\t\t<a href=\"https:\/\/www.mameeditions.com\/9782728924479-amour-sexualite-mariage-group.html\" target=\"_self\" itemprop=\"url\" rel=\"noopener\">\n\t\t\t\t<img loading=\"lazy\" decoding=\"async\" src=\"https:\/\/deshommesetdesfemmes.com\/wp-content\/uploads\/2023\/03\/9782728924479_5.jpeg\" alt=\"9782728924479_5\" itemprop=\"image\" height=\"700\" width=\"700\" title=\"9782728924479_5\" onerror=\"this.style.display='none'\"  \/>\n\t\t\t\t<\/a>\n\t<p>In\u00e8s P\u00e9lissi\u00e9 du Rausas, dans cet ouvrage court et accessible, se propose de livrer les grandes lignes th\u00e9oriques de la Th\u00e9ologie du corps de JP II mais aussi, et surtout, de montrer en quoi elle ouvre des perspectives nouvelles et enthousiasmantes. Dans le contexte actuel, o\u00f9 la n\u00e9gation des diff\u00e9rences entre les hommes et les femmes se m\u00eale \u00e0 une impitoyable guerre des sexes, la gr\u00e2ce que Dieu conf\u00e8re dans le sacrement du mariage devient une ressource essentielle pour ceux qui veulent encore croire en leur compl\u00e9mentarit\u00e9 harmonieuse.<\/p>\n\t\t\t\t<a href=\"https:\/\/www.amazon.fr\/Chaussons-par-fen\u00eatre-Elisabeth-Bourgois\/dp\/2909811352\" target=\"_self\" itemprop=\"url\" rel=\"noopener\">\n\t\t\t\t<img loading=\"lazy\" decoding=\"async\" src=\"https:\/\/deshommesetdesfemmes.com\/wp-content\/uploads\/2024\/05\/bourg.jpeg\" alt=\"bourg\" itemprop=\"image\" height=\"466\" width=\"299\" title=\"bourg\" onerror=\"this.style.display='none'\"  \/>\n\t\t\t\t<\/a>\n\t<p>On va vous enlever cela . Brusquement cette phrase si anodine r\u00e9sonna en elle furieusement. Mais ce n&rsquo;est pas un abc\u00e8s, une tumeur, \u00e7a c&rsquo;est&#8230; C&rsquo;est mon enfant, se dit-elle tout-\u00e0-coup&#8230; Et si la jeunesse refusait d&rsquo;avoir peur du lendemain et d&rsquo;\u00eatre manipul\u00e9e&#8230; Elle pourrait croire en l&rsquo;avenir et s&rsquo;engagerait pour la vie&#8230; Un v\u00e9ritable hymne \u00e0 la vie pour les grands adolescents. A tout ceux qui doutent \u00e0 l&rsquo;heure des grands engagements de l&rsquo;existence, Elisabeth Bourgois traite une nouvelle fois avec justesse de sujets grave qui nous touchent tous. Ce roman d\u00e9fend la vie trop souvent remise en question \u00e0 notre \u00e9poque. C&rsquo;est une vision positive de l&rsquo;avenir enfin propos\u00e9e \u00e0 la jeunesse.<\/p>\n\t\t\t\t<a href=\"https:\/\/www.laprocure.com\/product\/104815\/hadjadj-fabrice-la-profondeur-des-sexes-pour-une-mystique-de-la-chair\" target=\"_self\" itemprop=\"url\" rel=\"noopener\">\n\t\t\t\t<img loading=\"lazy\" decoding=\"async\" src=\"https:\/\/deshommesetdesfemmes.com\/wp-content\/uploads\/2024\/05\/had.webp\" alt=\"had\" itemprop=\"image\" height=\"494\" width=\"300\" title=\"had\" onerror=\"this.style.display='none'\"  \/>\n\t\t\t\t<\/a>\n\t<p>Qu&rsquo;est-ce que c&rsquo;est que ces sexes que nous croyons si bien conna\u00eetre ? Les uns s&rsquo;inqui\u00e8tent de leur longueur et les poussent \u00e0 la performance ; les autres rappellent leur diff\u00e9rence et en redoutent la confusion. Mais n&rsquo;y a-t-il pas lieu, par-del\u00e0 leur r\u00e9duction biologique, de les consid\u00e9rer dans leur profondeur ? Et si des voies imp\u00e9n\u00e9trables s&rsquo;ouvraient sous nos ceintures ? Si nos bas-ventres dissimulaient une ruse du Tr\u00e8s-Haut ?<\/p>\n<p>Contre tout dualisme, ce livre voudrait reconna\u00eetre l&rsquo;esprit qui se donne \u00e0 m\u00eame la chair. Son itin\u00e9raire \u00e0 travers la litt\u00e9rature, la philosophie et les textes sacr\u00e9s nous invite \u00e0 plonger dans des profondeurs sexuelles successives &#8211; celle du corps, du couple, de l&rsquo;enfant, enfin celle d&rsquo;un possible Ciel, d&rsquo;apr\u00e8s la foi juive et chr\u00e9tienne en la r\u00e9surrection.<\/p>\n\t\t\t\t<a href=\"https:\/\/www.laprocure.com\/product\/66827\/lacroix-xavier-le-corps-de-chair-les-dimensions-ethique-esthetique-et-spirituelle-de-l-amour\" target=\"_self\" itemprop=\"url\" rel=\"noopener\">\n\t\t\t\t<img loading=\"lazy\" decoding=\"async\" src=\"https:\/\/deshommesetdesfemmes.com\/wp-content\/uploads\/2024\/05\/lac-3.webp\" alt=\"lac 3\" itemprop=\"image\" height=\"478\" width=\"300\" title=\"lac 3\" onerror=\"this.style.display='none'\"  \/>\n\t\t\t\t<\/a>\n\t<p>La sexualit\u00e9 est menac\u00e9e d&rsquo;insignifiance, apr\u00e8s des si\u00e8cles de sacralisation ou de suspicion. Mod\u00e8le culturel dominant, le christianisme, souvent complice du m\u00e9pris du corps, participe pourtant \u00e0 sa valorisation. X. Lacroix affronte la question de l&rsquo;\u00e9valuation du lien normatif entre sexualit\u00e9 et mariage, attentif aux nouvelles conduites, \u00e0 leurs significations et aux pr\u00e9occupations \u00e9ducatives<\/p>\n\t\t\t\t<img decoding=\"async\" src=\"https:\/\/deshommesetdesfemmes.com\/wp-content\/plugins\/bb-plugin\/img\/pixel.png\" alt=\"\" itemprop=\"image\" onerror=\"this.style.display='none'\"  \/>\n\t<p>De septembre 1979 \u00e0 novembre 1984, Jean-Paul II a donn\u00e9 une s\u00e9rie de 129 cat\u00e9ch\u00e8ses qui renouvellent puissamment la vision de l&rsquo;Eglise sur le corps, la sexualit\u00e9, le mariage et le c\u00e9libat.<\/p>\n<p>Afin de rendre ce tr\u00e9sor de l&rsquo;Eglise accessible au plus grand nombre, Yves Semen, propose ici une s\u00e9lection des passages les plus lumineux, les plus \u00e9mouvants, les plus beaux et m\u00eame les plus mystiques, tout en respectant la structure et le mouvement de la pens\u00e9e de Jean-Paul II.<\/p>\n<p>Bien plus qu&rsquo;un livre, cet ouvrage constituera pour beaucoup le d\u00e9but le d\u00e9but d&rsquo;un cheminement spirituel bouleversant.<\/p>\n\t<h1 id=\"sites-inspirants\"><a id=\"websites\"><\/a>SITES INSPIRANTS<\/h1>\n<h1 id=\"ouvrages-de-reference\">\u00a0<\/h1>\n\t\t\t\t<a href=\"https:\/\/veritasamoris.org\/fr\/\" target=\"_self\" itemprop=\"url\" rel=\"noopener\">\n\t\t\t\t<img loading=\"lazy\" decoding=\"async\" src=\"https:\/\/deshommesetdesfemmes.com\/wp-content\/uploads\/2024\/05\/veritas.png\" alt=\"veritas\" itemprop=\"image\" height=\"144\" width=\"351\" title=\"veritas\" onerror=\"this.style.display='none'\"  \/>\n\t\t\t\t<\/a>\n<h6 id=\"la-verite-de-lamour\">LA V\u00c9RIT\u00c9 DE L&rsquo;AMOUR\u00a0<\/h6>\n<p>La cl\u00e9 de compr\u00e9hension du myst\u00e8re de Dieu, de la personne humaine et du monde.<\/p>\n<p>Le Veritas Amoris Project est une association de professeurs et d&rsquo;\u00e9rudits qui met au centre la v\u00e9rit\u00e9 de l&rsquo;amour comme cl\u00e9 de compr\u00e9hension du myst\u00e8re de Dieu, de la personne humaine et du monde, convaincu que cette perspective offre une approche pastorale int\u00e9grale et fructueuse.<\/p>\n<p>D\u00e9crytpages, actualit\u00e9s, formations, livres..<\/p>\n<p>Inspir\u00e9 par les enseignements de saint Jean-Paul II et de Beno\u00eet XVI, l&rsquo;h\u00e9ritage intellectuel du projet repose sur trois piliers :<\/p>\n=&gt; une th\u00e9ologie du corps<br \/>\n=&gt; une th\u00e9ologie de l&rsquo;amour<br \/>\n=&gt; une p\u00e9dagogie de l&rsquo;amour avec une attention particuli\u00e8re \u00e0 la fragilit\u00e9 humaine\n\t\t\t\t<a href=\"https:\/\/institutdetheologieducorps.org\" target=\"_self\" itemprop=\"url\" rel=\"noopener\">\n\t\t\t\t<img loading=\"lazy\" decoding=\"async\" src=\"https:\/\/deshommesetdesfemmes.com\/wp-content\/uploads\/2022\/06\/LOGO_ITCrouge_2019_Bandeau.png\" alt=\"LOGO_ITCrouge_2019_Bandeau\" itemprop=\"image\" height=\"150\" width=\"250\" title=\"LOGO_ITCrouge_2019_Bandeau\" onerror=\"this.style.display='none'\"  \/>\n\t\t\t\t<\/a>\n\t<p>L&rsquo;Institut de Th\u00e9ologie du Corps est un \u00e9tablissement priv\u00e9 d&rsquo;enseignement sup\u00e9rieur implant\u00e9 \u00e0 Lyon depuis 2014. Sa vocation est la diffusion de l&rsquo;enseignement de l&rsquo;Eglise sur l&rsquo;amour humain, le corps et la sexualit\u00e9.\u00a0Ses formations dipl\u00f4mantes sont dispens\u00e9es dans le cadre d&rsquo;un accord de coop\u00e9ration avec l&rsquo;Institut Pontifical Th\u00e9ologique Jean-Paul II de Rome.<\/p>\n\t\t\t\t<a href=\"https:\/\/www.evangilepourlecouple.fr\/qui-sommes-nous\" target=\"_self\" itemprop=\"url\" rel=\"noopener\">\n\t\t\t\t<img loading=\"lazy\" decoding=\"async\" src=\"https:\/\/deshommesetdesfemmes.com\/wp-content\/uploads\/2023\/03\/Capture-decran-2023-03-14-a-15.23.35.png\" alt=\"Capture d'\u00e9cran 2023-03-14 \u00e0 15.23.35\" itemprop=\"image\" height=\"126\" width=\"426\" title=\"Capture d'\u00e9cran 2023-03-14 \u00e0 15.23.35\" onerror=\"this.style.display='none'\"  \/>\n\t\t\t\t<\/a>\n\t<p>Le contenu de ce site vous permettra de toucher de pr\u00e8s combien l&rsquo;Evangile du mariage, de la famille, de la sexualit\u00e9, de l&rsquo;amour &#8230; vient rejoindre tr\u00e8s concr\u00e8tement l&rsquo;intimit\u00e9 profonde, la soif existentielle personnelle et commune de la tr\u00e8s grande majorit\u00e9 des jeunes, des conjoints, des hommes et des femmes qui s&rsquo;aiment : l&rsquo;\u00c9vangile et la foi chr\u00e9tienne sont de puissants leviers pour grandir dans le don mutuel et l&rsquo;alliance conjugale, exp\u00e9rience intense d&rsquo;amour, de joie et de vie en crescendo \u00e0 laquelle tant de couples aspirent aujourd&rsquo;hui.<\/p>\n\t\t\t\t<a href=\"https:\/\/www.equipes-notre-dame.fr\/autour-du-couple\/le-bonheur-dans-le-mariage\/\" target=\"_self\" itemprop=\"url\" rel=\"noopener\">\n\t\t\t\t<img loading=\"lazy\" decoding=\"async\" src=\"https:\/\/deshommesetdesfemmes.com\/wp-content\/uploads\/2022\/06\/logo_END_200.png\" alt=\"logo_END_200\" itemprop=\"image\" height=\"97\" width=\"200\" title=\"logo_END_200\" onerror=\"this.style.display='none'\"  \/>\n\t\t\t\t<\/a>\n\t<p>Le site des Equipes Notre Dame offre des r\u00e9flexions autour du couple chr\u00e9tien : spiritualit\u00e9 et outils concrets<\/p>\n\t\t\t\t<a href=\"https:\/\/www.imago-france.fr\/page\/506398-therapie-de-couple\" target=\"_self\" itemprop=\"url\" rel=\"noopener\">\n\t\t\t\t<img loading=\"lazy\" decoding=\"async\" src=\"https:\/\/deshommesetdesfemmes.com\/wp-content\/uploads\/2022\/06\/IMAGO_logo_VF_Logo-sansbaseline-couleur-hrz.small_.png\" alt=\"IMAGO_logo_VF_Logo-sansbaseline couleur hrz.small\" itemprop=\"image\" height=\"134\" width=\"300\" title=\"IMAGO_logo_VF_Logo-sansbaseline couleur hrz.small\" onerror=\"this.style.display='none'\"  \/>\n\t\t\t\t<\/a>\n\t<p>Le site France d&rsquo;\u00ab\u00a0Imago\u00a0\u00bb, une m\u00e9thode de th\u00e9rapie relationnelle qui lib\u00e8re la joie chez les couples\u00a0!<\/p>\n\t\t\t\t<a href=\"https:\/\/ohmylove.app\" target=\"_self\" itemprop=\"url\" rel=\"noopener\">\n\t\t\t\t<img loading=\"lazy\" decoding=\"async\" src=\"https:\/\/deshommesetdesfemmes.com\/wp-content\/uploads\/2024\/05\/Unknown.jpeg\" alt=\"Unknown\" itemprop=\"image\" height=\"225\" width=\"225\" title=\"Unknown\" onerror=\"this.style.display='none'\"  \/>\n\t\t\t\t<\/a>\n<p>La 1\u00e8re application de rencontre intra-conjugale(Re)connectez-vous \u00e0 votre couple.\u00a0L&rsquo;application pour faire grandir votre couple et\u00a0renforcer la communication &amp; la complicit\u00e9 entre vous<\/p>\n<p>Communication, conflits, sexualit\u00e9, vie quotidienne, parentalit\u00e9, belle-famille&#8230; \u00a0aucun sujet de c\u00f4t\u00e9 !<\/p>\n<p>Derri\u00e8re \u00a0: deux jeunes mari\u00e9es, Hermine Droulers et Marie-Olga de Solages qui, d\u00e9but 2023, s&rsquo;associent avec Obole, le startup au service du Bien Commun<\/p>\n<p>Nous nous sommes entour\u00e9es d&rsquo;une communaut\u00e9 d&rsquo;experts fabuleux (conseillers conjugaux, sexologues, m\u00e9diateurs familiaux&#8230;) pour vous partager des cl\u00e9s concr\u00e8tes pour vivre une relation amoureuse heureuse et \u00e9panouissante.<\/p>\n<p>Alors n&rsquo;attendez plus, lancez-vous dans l&rsquo;aventure pour raviver et entretenir la flamme de votre couple.<\/p>\n\t<h1 id=\"podcasts-edifiants\"><a id=\"pod\"><\/a>PODCASTS &amp; VID\u00c9OS<\/h1>\n<h1 id=\"ouvrages-de-reference\">\u00a0<\/h1>\n\t\t\t\t<a href=\"https:\/\/www.famillechretienne.fr\/56\/sections\/podcasts\" target=\"_self\" itemprop=\"url\" rel=\"noopener\">\n\t\t\t\t<img loading=\"lazy\" decoding=\"async\" src=\"https:\/\/deshommesetdesfemmes.com\/wp-content\/uploads\/2024\/05\/sexoh.png\" alt=\"sexoh\" itemprop=\"image\" height=\"225\" width=\"225\" title=\"sexoh\" onerror=\"this.style.display='none'\"  \/>\n\t\t\t\t<\/a>\n\t<p>Dans \u00ab\u00a0Sex&rsquo;Oh ! \u00bb, H\u00e9l\u00e8ne Dumont, la conseill\u00e8re conjugale et sexoth\u00e9rapeute ouvre les portes de son cabinet pour une sexualit\u00e9 conjugale \u00e9panouie, r\u00e9concili\u00e9e et apais\u00e9e<\/p>\n<p>3 saisons d\u00e9j\u00e0 \u00e0 son actif, les podcast sexualit\u00e9 de Famille Chr\u00e9tienne rencontrent un fort succ\u00e8s pour les femmes, les hommes et les parents qui veulent mieux comprendre pour mieux transmettre.<\/p>\n<p>Les podcast est \u00e9galement disponible sur votre plateforme d&rsquo;\u00e9coute habituelle : <strong>Google Podcasts,\u00a0Apple podcast,\u00a0Deezer,\u00a0Spotify<\/strong>&#8230; N&rsquo;h\u00e9sitez pas \u00e0 vous y abonner pour ne rater aucun \u00e9pisode !<\/p>\n\t\t\t\t<a href=\"https:\/\/www.sajedistribution.com\/film\/une-seule-chair.html\" target=\"_self\" itemprop=\"url\" rel=\"noopener\">\n\t\t\t\t<img loading=\"lazy\" decoding=\"async\" src=\"https:\/\/deshommesetdesfemmes.com\/wp-content\/uploads\/2024\/05\/cdijs7emcvessaao5fkn.jpeg\" alt=\"cdijs7emcvessaao5fkn\" itemprop=\"image\" height=\"513\" width=\"390\" title=\"cdijs7emcvessaao5fkn\" onerror=\"this.style.display='none'\"  \/>\n\t\t\t\t<\/a>\n\t<p>En 2 \u00e9pisodes &#8211; SAJE PROD et KTO &#8211; Ce film documentaire est <em>une<\/em> BOMBE. Le titre est magnifique. Le montage est particuli\u00e8rement bien soign\u00e9, des t\u00e9moignages de couples puissants&#8230;<\/p>\nQ<strong>uel est le dessein de Dieu pour la sexualit\u00e9 du couple ?<br \/>\n<\/strong>Inspir\u00e9 de la vision chr\u00e9tienne de la sexualit\u00e9<strong>d\u00e9velopp\u00e9e par Saint Jean-Paul II, enrichie depuis par les papes Benoit XVI puis Fran\u00e7ois, et <\/strong>illustr\u00e9 par de nombreuses exp\u00e9riences pastorales concr\u00e8tes et des t\u00e9moignages conjugaux<strong>, ce film souhaite <\/strong>faire d\u00e9couvrir l&rsquo;ampleur de <em>\u00ab cet immense tr\u00e9sor confi\u00e9 par Dieu \u00e0 l&rsquo;humanit\u00e9 \u00bb<\/em>(Beno\u00eet XVI)<strong>, en vue de r\u00e9jouir les \u00e9poux<\/strong> et de gu\u00e9rir et restaurer notre sexualit\u00e9 bless\u00e9e par le p\u00e9ch\u00e9.\n<p>Un film documentaire sur la vraie lib\u00e9ration sexuelle, \u00e0 la lumi\u00e8re de la th\u00e9ologie du corps de Saint Jean-Paul II.<\/p>\n\t\t\t\t<a href=\"https:\/\/www.youtube.com\/watch?v=rTx8as6MdCU\" target=\"_self\" itemprop=\"url\" rel=\"noopener\">\n\t\t\t\t<img loading=\"lazy\" decoding=\"async\" src=\"https:\/\/deshommesetdesfemmes.com\/wp-content\/uploads\/2024\/05\/Capture-decran-2024-05-31-a-11.55.32.png\" alt=\"Capture d'\u00e9cran 2024-05-31 \u00e0 11.55.32\" itemprop=\"image\" height=\"524\" width=\"941\" title=\"Capture d'\u00e9cran 2024-05-31 \u00e0 11.55.32\" onerror=\"this.style.display='none'\"  \/>\n\t\t\t\t<\/a>\n\t<p><strong>Du st\u00e9rilet aux m\u00e9thodes naturelles, conversion, et croissance conjugale<\/strong><\/p>\n<p>T\u00e9moignage de Rapha\u00ebl et Charlotte, moniteurs Billings.<\/p>\n\t<p>Inscrivez-vous pour recevoir les nouveaut\u00e9s du site<\/p>\n\t<p>Contacter l&rsquo;administration du site<\/p>\n<p><a href=\"mailto:contact@deshommesetdesfemmes.com\">contact@deshommesetdesfemmes.com<\/a><\/p>\n\t<p>\u00a9\u00a0Tout droit r\u00e9serv\u00e9 deshommesetdesfemmes.com &#8211; \u00a0<a href=\"https:\/\/mggerard.com\"><img loading=\"lazy\" decoding=\"async\" src=\"https:\/\/deshommesetdesfemmes.com\/wp-content\/uploads\/2022\/05\/logo_MGG-_color_2021.png\" alt=\"\" width=\"56\" height=\"28\" \/><\/a><\/p>\n<p>\u00a9 Photos : Shutterstok &#8211; IStock<\/p>\n<p>&nbsp;<\/p>\n\t<strong>RGPD :<\/strong> Les informations recueillies pour le formulaire d&rsquo;inscription \u00e0 la newsletter et pour les t\u00e9moignages sont enregistr\u00e9es dans un fichier informatis\u00e9 par le site deshommesetdesfemmescom. Les donn\u00e9es collect\u00e9es ne seront communiqu\u00e9es qu&rsquo;\u00e0 l&rsquo;administration du site deshommesetdesfemmes.com. Elles sont conserv\u00e9es pendant la dur\u00e9e de l&rsquo;existence du site deshommesetdesfemmes.com.<br \/>\nVous pouvez acc\u00e9der aux donn\u00e9es vous concernant, les rectifier, demander leur effacement ou exercer votre droit \u00e0 la limitation du traitement de vos donn\u00e9es.<br \/>\nConsultez le site cnil.fr pour plus d&rsquo;informations sur vos droits. Pour exercer ces droits ou pour toute question sur le traitement de vos donn\u00e9es dans ce dispositif, vous pouvez contacter l&rsquo;administration du site : contact@deshommesetdesfemmes.com\n\n","protected":false},"excerpt":{"rendered":"<p>LIVRES &amp; SITES DE R\u00c9F\u00c9RENCE Livres \u00a0 Sites Podcasts &amp; vid\u00e9os OUVRAGES DE R\u00c9F\u00c9RENCE TH\u00c8MES DISCERNEMENT \/ FIANCAILLES VIE CONJUGUALE GRANDIR DANS LA FOI EN COUPLE SEXUALIT\u00c9 ET F\u00c9CONDIT\u00c9 DISCERNEMENT \/ FIANCAILLES Cette r\u00e9flexion, \u00e0 mener individuellement et en couple, invite chacun \u00e0 s&rsquo;interroger sur ses attentes profondes, ses motivations inconscientes, l&rsquo;histoire de sa relation,&hellip;<\/p>\n","protected":false},"author":1,"featured_media":0,"parent":0,"menu_order":0,"comment_status":"closed","ping_status":"closed","template":"tpl-no-header-footer.php","meta":{"_monsterinsights_skip_tracking":false,"_monsterinsights_sitenote_active":false,"_monsterinsights_sitenote_note":"","_monsterinsights_sitenote_category":0,"_glsr_average":0,"_glsr_ranking":0,"_glsr_reviews":0,"footnotes":""},"class_list":["post-468","page","type-page","status-publish","hentry"],"yoast_head":"<!-- This site is optimized with the Yoast SEO plugin v24.2 - https:\/\/yoast.com\/wordpress\/plugins\/seo\/ -->\n<title>Livres couples - Des hommes et des femmes<\/title>\n<meta name=\"robots\" content=\"index, follow, max-snippet:-1, max-image-preview:large, max-video-preview:-1\" \/>\n<link rel=\"canonical\" href=\"https:\/\/deshommesetdesfemmes.com\/index.php\/livres-couples\/\" \/>\n<meta property=\"og:locale\" content=\"fr_FR\" \/>\n<meta property=\"og:type\" content=\"article\" \/>\n<meta property=\"og:title\" content=\"Livres couples - Des hommes et des femmes\" \/>\n<meta property=\"og:description\" content=\"LIVRES &amp; SITES DE R\u00c9F\u00c9RENCE Livres \u00a0 Sites Podcasts &amp; vid\u00e9os OUVRAGES DE R\u00c9F\u00c9RENCE TH\u00c8MES DISCERNEMENT \/ FIANCAILLES VIE CONJUGUALE GRANDIR DANS LA FOI EN COUPLE SEXUALIT\u00c9 ET F\u00c9CONDIT\u00c9 DISCERNEMENT \/ FIANCAILLES Cette r\u00e9flexion, \u00e0 mener individuellement et en couple, invite chacun \u00e0 s&rsquo;interroger sur ses attentes profondes, ses motivations inconscientes, l&rsquo;histoire de sa relation,&hellip;\" \/>\n<meta property=\"og:url\" content=\"https:\/\/deshommesetdesfemmes.com\/index.php\/livres-couples\/\" \/>\n<meta property=\"og:site_name\" content=\"Des hommes et des femmes\" \/>\n<meta property=\"article:modified_time\" content=\"2024-06-20T15:24:42+00:00\" \/>\n<meta property=\"og:image\" content=\"https:\/\/deshommesetdesfemmes.com\/wp-content\/uploads\/2022\/06\/et-si-on-se-mariait-.jpeg\" \/>\n<meta name=\"twitter:card\" content=\"summary_large_image\" \/>\n<script type=\"application\/ld+json\" class=\"yoast-schema-graph\">{\"@context\":\"https:\/\/schema.org\",\"@graph\":[{\"@type\":\"WebPage\",\"@id\":\"https:\/\/deshommesetdesfemmes.com\/index.php\/livres-couples\/\",\"url\":\"https:\/\/deshommesetdesfemmes.com\/index.php\/livres-couples\/\",\"name\":\"Livres couples - Des hommes et des femmes\",\"isPartOf\":{\"@id\":\"https:\/\/deshommesetdesfemmes.com\/#website\"},\"primaryImageOfPage\":{\"@id\":\"https:\/\/deshommesetdesfemmes.com\/index.php\/livres-couples\/#primaryimage\"},\"image\":{\"@id\":\"https:\/\/deshommesetdesfemmes.com\/index.php\/livres-couples\/#primaryimage\"},\"thumbnailUrl\":\"https:\/\/deshommesetdesfemmes.com\/wp-content\/uploads\/2022\/06\/et-si-on-se-mariait-.jpeg\",\"datePublished\":\"2022-06-07T18:23:21+00:00\",\"dateModified\":\"2024-06-20T15:24:42+00:00\",\"breadcrumb\":{\"@id\":\"https:\/\/deshommesetdesfemmes.com\/index.php\/livres-couples\/#breadcrumb\"},\"inLanguage\":\"fr-FR\",\"potentialAction\":[{\"@type\":\"ReadAction\",\"target\":[\"https:\/\/deshommesetdesfemmes.com\/index.php\/livres-couples\/\"]}]},{\"@type\":\"ImageObject\",\"inLanguage\":\"fr-FR\",\"@id\":\"https:\/\/deshommesetdesfemmes.com\/index.php\/livres-couples\/#primaryimage\",\"url\":\"https:\/\/deshommesetdesfemmes.com\/wp-content\/uploads\/2022\/06\/et-si-on-se-mariait-.jpeg\",\"contentUrl\":\"https:\/\/deshommesetdesfemmes.com\/wp-content\/uploads\/2022\/06\/et-si-on-se-mariait-.jpeg\",\"width\":383,\"height\":383},{\"@type\":\"BreadcrumbList\",\"@id\":\"https:\/\/deshommesetdesfemmes.com\/index.php\/livres-couples\/#breadcrumb\",\"itemListElement\":[{\"@type\":\"ListItem\",\"position\":1,\"name\":\"Accueil\",\"item\":\"https:\/\/deshommesetdesfemmes.com\/\"},{\"@type\":\"ListItem\",\"position\":2,\"name\":\"Livres couples\"}]},{\"@type\":\"WebSite\",\"@id\":\"https:\/\/deshommesetdesfemmes.com\/#website\",\"url\":\"https:\/\/deshommesetdesfemmes.com\/\",\"name\":\"Des hommes et des femmes\",\"description\":\"plateforme pratique pour se former et s&#039;informer\",\"potentialAction\":[{\"@type\":\"SearchAction\",\"target\":{\"@type\":\"EntryPoint\",\"urlTemplate\":\"https:\/\/deshommesetdesfemmes.com\/?s={search_term_string}\"},\"query-input\":{\"@type\":\"PropertyValueSpecification\",\"valueRequired\":true,\"valueName\":\"search_term_string\"}}],\"inLanguage\":\"fr-FR\"}]}<\/script>\n<!-- \/ Yoast SEO plugin. -->","yoast_head_json":{"title":"Livres couples - Des hommes et des femmes","robots":{"index":"index","follow":"follow","max-snippet":"max-snippet:-1","max-image-preview":"max-image-preview:large","max-video-preview":"max-video-preview:-1"},"canonical":"https:\/\/deshommesetdesfemmes.com\/index.php\/livres-couples\/","og_locale":"fr_FR","og_type":"article","og_title":"Livres couples - Des hommes et des femmes","og_description":"LIVRES &amp; SITES DE R\u00c9F\u00c9RENCE Livres \u00a0 Sites Podcasts &amp; vid\u00e9os OUVRAGES DE R\u00c9F\u00c9RENCE TH\u00c8MES DISCERNEMENT \/ FIANCAILLES VIE CONJUGUALE GRANDIR DANS LA FOI EN COUPLE SEXUALIT\u00c9 ET F\u00c9CONDIT\u00c9 DISCERNEMENT \/ FIANCAILLES Cette r\u00e9flexion, \u00e0 mener individuellement et en couple, invite chacun \u00e0 s&rsquo;interroger sur ses attentes profondes, ses motivations inconscientes, l&rsquo;histoire de sa relation,&hellip;","og_url":"https:\/\/deshommesetdesfemmes.com\/index.php\/livres-couples\/","og_site_name":"Des hommes et des femmes","article_modified_time":"2024-06-20T15:24:42+00:00","og_image":[{"url":"https:\/\/deshommesetdesfemmes.com\/wp-content\/uploads\/2022\/06\/et-si-on-se-mariait-.jpeg","type":"","width":"","height":""}],"twitter_card":"summary_large_image","schema":{"@context":"https:\/\/schema.org","@graph":[{"@type":"WebPage","@id":"https:\/\/deshommesetdesfemmes.com\/index.php\/livres-couples\/","url":"https:\/\/deshommesetdesfemmes.com\/index.php\/livres-couples\/","name":"Livres couples - Des hommes et des femmes","isPartOf":{"@id":"https:\/\/deshommesetdesfemmes.com\/#website"},"primaryImageOfPage":{"@id":"https:\/\/deshommesetdesfemmes.com\/index.php\/livres-couples\/#primaryimage"},"image":{"@id":"https:\/\/deshommesetdesfemmes.com\/index.php\/livres-couples\/#primaryimage"},"thumbnailUrl":"https:\/\/deshommesetdesfemmes.com\/wp-content\/uploads\/2022\/06\/et-si-on-se-mariait-.jpeg","datePublished":"2022-06-07T18:23:21+00:00","dateModified":"2024-06-20T15:24:42+00:00","breadcrumb":{"@id":"https:\/\/deshommesetdesfemmes.com\/index.php\/livres-couples\/#breadcrumb"},"inLanguage":"fr-FR","potentialAction":[{"@type":"ReadAction","target":["https:\/\/deshommesetdesfemmes.com\/index.php\/livres-couples\/"]}]},{"@type":"ImageObject","inLanguage":"fr-FR","@id":"https:\/\/deshommesetdesfemmes.com\/index.php\/livres-couples\/#primaryimage","url":"https:\/\/deshommesetdesfemmes.com\/wp-content\/uploads\/2022\/06\/et-si-on-se-mariait-.jpeg","contentUrl":"https:\/\/deshommesetdesfemmes.com\/wp-content\/uploads\/2022\/06\/et-si-on-se-mariait-.jpeg","width":383,"height":383},{"@type":"BreadcrumbList","@id":"https:\/\/deshommesetdesfemmes.com\/index.php\/livres-couples\/#breadcrumb","itemListElement":[{"@type":"ListItem","position":1,"name":"Accueil","item":"https:\/\/deshommesetdesfemmes.com\/"},{"@type":"ListItem","position":2,"name":"Livres couples"}]},{"@type":"WebSite","@id":"https:\/\/deshommesetdesfemmes.com\/#website","url":"https:\/\/deshommesetdesfemmes.com\/","name":"Des hommes et des femmes","description":"plateforme pratique pour se former et s&#039;informer","potentialAction":[{"@type":"SearchAction","target":{"@type":"EntryPoint","urlTemplate":"https:\/\/deshommesetdesfemmes.com\/?s={search_term_string}"},"query-input":{"@type":"PropertyValueSpecification","valueRequired":true,"valueName":"search_term_string"}}],"inLanguage":"fr-FR"}]}},"_links":{"self":[{"href":"https:\/\/deshommesetdesfemmes.com\/index.php\/wp-json\/wp\/v2\/pages\/468","targetHints":{"allow":["GET"]}}],"collection":[{"href":"https:\/\/deshommesetdesfemmes.com\/index.php\/wp-json\/wp\/v2\/pages"}],"about":[{"href":"https:\/\/deshommesetdesfemmes.com\/index.php\/wp-json\/wp\/v2\/types\/page"}],"author":[{"embeddable":true,"href":"https:\/\/deshommesetdesfemmes.com\/index.php\/wp-json\/wp\/v2\/users\/1"}],"replies":[{"embeddable":true,"href":"https:\/\/deshommesetdesfemmes.com\/index.php\/wp-json\/wp\/v2\/comments?post=468"}],"version-history":[{"count":97,"href":"https:\/\/deshommesetdesfemmes.com\/index.php\/wp-json\/wp\/v2\/pages\/468\/revisions"}],"predecessor-version":[{"id":1741,"href":"https:\/\/deshommesetdesfemmes.com\/index.php\/wp-json\/wp\/v2\/pages\/468\/revisions\/1741"}],"wp:attachment":[{"href":"https:\/\/deshommesetdesfemmes.com\/index.php\/wp-json\/wp\/v2\/media?parent=468"}],"curies":[{"name":"wp","href":"https:\/\/api.w.org\/{rel}","templated":true}]}}